{"id":669,"date":"2020-03-11T20:51:03","date_gmt":"2020-03-11T19:51:03","guid":{"rendered":"http:\/\/wp1058403.server-he.de\/?page_id=669"},"modified":"2020-03-11T20:51:34","modified_gmt":"2020-03-11T19:51:34","slug":"wpbd_grid","status":"publish","type":"page","link":"https:\/\/www.davidstromberg.de\/en\/wpbd_grid\/","title":{"rendered":"Journal"},"content":{"rendered":"<div class=\"wpbd-post-grid-outter wpbd-template-1 wpbd-clear-all\">\n\t\t<div class=\"wpbd-post-grid  wpbd-medium-4 wpbd-cell wpbd-first\">\t\t\r\n\t<div class=\"wpbd-grid-content\">\r\n\t\t\t\t<div class=\"wpbd-post-image-outter\">\r\n\t\t\t<a href=\"https:\/\/www.davidstromberg.de\/en\/sonatenabend-in-schloss-hasselburg\/\">\r\n\t\t\t\t<img decoding=\"async\" src=\"https:\/\/www.davidstromberg.de\/wp-content\/uploads\/2023\/02\/316314475_10228393464955795_9079707487418180538_n-700x482.jpg\" alt=\"Sonatenabend in Schloss Hasselburg\" \/>\r\n\t\t\t<\/a>\r\n\t\t<\/div>\r\n\t\t\t\t<div class=\"wpbd-post-margin-content\">\r\n\t\t\t\t\t\t<div class=\"wpbd-post-categories\">\r\n\t\t\t\t<a href=\"https:\/\/www.davidstromberg.de\/en\/category\/allgemein\/\">Allgemein<\/a>\t\t\t<\/div>\r\n\t\t\t\t\t\t<div class=\"wpbd-title-content\">\r\n\t\t\t<div class=\"wpbd-post-title\">\r\n\t\t\t\t<a href=\"https:\/\/www.davidstromberg.de\/en\/sonatenabend-in-schloss-hasselburg\/\">Sonatenabend in Schloss Hasselburg<\/a>\r\n\t\t\t<\/div>\r\n\t\t\t\t\t\t\t<div class=\"wpbd-post-other-content\">\r\n\t\t\t\t\t\t\t\t\t\t\t<span class=\"wpbd-post-author\"><i class=\"fa fa-user\" aria-hidden=\"true\"><\/i>David Stromberg<\/span>\r\n\t\t\t\t\t\t\t\t\t\t\/\t\t\t\t\t\t\t\t\t\t\t<span class=\"wpbd-post-date\"> <i class=\"fa fa-calendar\" aria-hidden=\"true\"><\/i>15. February 2023 <\/span>\r\n\t\t\t\t\t\t\t\t\t\t\t\t\t\t\t\t\t\t\t<\/div>\r\n\t\t\t<\/div>\r\n\t\t\t\t\t\t\t<div class=\"wpbd-post-content\">\r\n\t\t\t\t\t<div class=\"wpbd-sub-content\"><p>\r\n\t\t\t\t\tEs war sehr sch\u00f6n. Florian Uhlig und ich spielten ein Konzert im m\u00e4rchenhaften Schloss Hasselburg. Vielen Dank Heikedine K\u00f6rting f\u00fcr...<\/p>\r\n\t\t\t\t\t<\/div>\r\n\t\t\r\n\t\t\t\t\t\t\t\t\t\t\t\t\t\t\t\t\r\n\t\t\t\t\t\t<a href=\"https:\/\/www.davidstromberg.de\/en\/sonatenabend-in-schloss-hasselburg\/\" class=\"wpbd-btn\"><span>Read More<\/span><\/a>\r\n\t\t\t\t\t\t\t\t\t<\/div>\r\n\t\t\t\r\n\t\t<\/div>\r\n\t<\/div>\r\n<\/div><div class=\"wpbd-post-grid  wpbd-medium-4 wpbd-cell\">\t\t\r\n\t<div class=\"wpbd-grid-content\">\r\n\t\t\t\t<div class=\"wpbd-post-image-outter\">\r\n\t\t\t<a href=\"https:\/\/www.davidstromberg.de\/en\/eroeffnung-siemens-auditorium\/\">\r\n\t\t\t\t<img decoding=\"async\" src=\"https:\/\/www.davidstromberg.de\/wp-content\/uploads\/2023\/02\/311617406_10228081206029517_3522654364254448144_n-700x467.jpg\" alt=\"Grand Opening Siemens Auditorium\" \/>\r\n\t\t\t<\/a>\r\n\t\t<\/div>\r\n\t\t\t\t<div class=\"wpbd-post-margin-content\">\r\n\t\t\t\t\t\t<div class=\"wpbd-post-categories\">\r\n\t\t\t\t<a href=\"https:\/\/www.davidstromberg.de\/en\/category\/allgemein\/\">Allgemein<\/a>\t\t\t<\/div>\r\n\t\t\t\t\t\t<div class=\"wpbd-title-content\">\r\n\t\t\t<div class=\"wpbd-post-title\">\r\n\t\t\t\t<a href=\"https:\/\/www.davidstromberg.de\/en\/eroeffnung-siemens-auditorium\/\">Grand Opening Siemens Auditorium<\/a>\r\n\t\t\t<\/div>\r\n\t\t\t\t\t\t\t<div class=\"wpbd-post-other-content\">\r\n\t\t\t\t\t\t\t\t\t\t\t<span class=\"wpbd-post-author\"><i class=\"fa fa-user\" aria-hidden=\"true\"><\/i>David Stromberg<\/span>\r\n\t\t\t\t\t\t\t\t\t\t\/\t\t\t\t\t\t\t\t\t\t\t<span class=\"wpbd-post-date\"> <i class=\"fa fa-calendar\" aria-hidden=\"true\"><\/i>15. February 2023 <\/span>\r\n\t\t\t\t\t\t\t\t\t\t\t\t\t\t\t\t\t\t\t<\/div>\r\n\t\t\t<\/div>\r\n\t\t\t\t\t\t\t<div class=\"wpbd-post-content\">\r\n\t\t\t\t\t<div class=\"wpbd-sub-content\"><p>\r\n\t\t\t\t\tgrand opening grand opening We have realized an exciting concert project with radio recording. The focus of the opening concert...<\/p>\r\n\t\t\t\t\t<\/div>\r\n\t\t\r\n\t\t\t\t\t\t\t\t\t\t\t\t\t\t\t\t\r\n\t\t\t\t\t\t<a href=\"https:\/\/www.davidstromberg.de\/en\/eroeffnung-siemens-auditorium\/\" class=\"wpbd-btn\"><span>Read More<\/span><\/a>\r\n\t\t\t\t\t\t\t\t\t<\/div>\r\n\t\t\t\r\n\t\t<\/div>\r\n\t<\/div>\r\n<\/div><div class=\"wpbd-post-grid  wpbd-medium-4 wpbd-cell wpbd-last\">\t\t\r\n\t<div class=\"wpbd-grid-content\">\r\n\t\t\t\t<div class=\"wpbd-post-image-outter\">\r\n\t\t\t<a href=\"https:\/\/www.davidstromberg.de\/en\/duplex-piano-in-elbphilharmonie\/\">\r\n\t\t\t\t<img decoding=\"async\" src=\"https:\/\/www.davidstromberg.de\/wp-content\/uploads\/2022\/10\/272e39df-6abb-41e1-b013-fb69eb7eaf51-700x933.jpg\" alt=\"Duplex Piano in Elbphilharmonie\" \/>\r\n\t\t\t<\/a>\r\n\t\t<\/div>\r\n\t\t\t\t<div class=\"wpbd-post-margin-content\">\r\n\t\t\t\t\t\t<div class=\"wpbd-post-categories\">\r\n\t\t\t\t<a href=\"https:\/\/www.davidstromberg.de\/en\/category\/allgemein\/\">Allgemein<\/a>\t\t\t<\/div>\r\n\t\t\t\t\t\t<div class=\"wpbd-title-content\">\r\n\t\t\t<div class=\"wpbd-post-title\">\r\n\t\t\t\t<a href=\"https:\/\/www.davidstromberg.de\/en\/duplex-piano-in-elbphilharmonie\/\">Duplex Piano in Elbphilharmonie<\/a>\r\n\t\t\t<\/div>\r\n\t\t\t\t\t\t\t<div class=\"wpbd-post-other-content\">\r\n\t\t\t\t\t\t\t\t\t\t\t<span class=\"wpbd-post-author\"><i class=\"fa fa-user\" aria-hidden=\"true\"><\/i>David Stromberg<\/span>\r\n\t\t\t\t\t\t\t\t\t\t\/\t\t\t\t\t\t\t\t\t\t\t<span class=\"wpbd-post-date\"> <i class=\"fa fa-calendar\" aria-hidden=\"true\"><\/i>1. October 2022 <\/span>\r\n\t\t\t\t\t\t\t\t\t\t\t\t\t\t\t\t\t\t\t<\/div>\r\n\t\t\t<\/div>\r\n\t\t\t\t\t\t\t<div class=\"wpbd-post-content\">\r\n\t\t\t\t\t<div class=\"wpbd-sub-content\"><p>\r\n\t\t\t\t\tA happy moment. I'm so glad we brought the Duplex Piano to the Elbphilharmonie stage. Thank you Mirijam Contzen, Hartmut...<\/p>\r\n\t\t\t\t\t<\/div>\r\n\t\t\r\n\t\t\t\t\t\t\t\t\t\t\t\t\t\t\t\t\r\n\t\t\t\t\t\t<a href=\"https:\/\/www.davidstromberg.de\/en\/duplex-piano-in-elbphilharmonie\/\" class=\"wpbd-btn\"><span>Read More<\/span><\/a>\r\n\t\t\t\t\t\t\t\t\t<\/div>\r\n\t\t\t\r\n\t\t<\/div>\r\n\t<\/div>\r\n<\/div><div class=\"wpbd-post-grid  wpbd-medium-4 wpbd-cell wpbd-first\">\t\t\r\n\t<div class=\"wpbd-grid-content\">\r\n\t\t\t\t<div class=\"wpbd-post-image-outter\">\r\n\t\t\t<a href=\"https:\/\/www.davidstromberg.de\/en\/orchesterzentrum\/\">\r\n\t\t\t\t<img decoding=\"async\" src=\"https:\/\/www.davidstromberg.de\/wp-content\/uploads\/2022\/02\/31761907_1795657403829109_2857394424374099968_n-700x467.jpg\" alt=\"Orchesterzentrum Dortmund\" \/>\r\n\t\t\t<\/a>\r\n\t\t<\/div>\r\n\t\t\t\t<div class=\"wpbd-post-margin-content\">\r\n\t\t\t\t\t\t<div class=\"wpbd-post-categories\">\r\n\t\t\t\t<a href=\"https:\/\/www.davidstromberg.de\/en\/category\/allgemein\/\">Allgemein<\/a>\t\t\t<\/div>\r\n\t\t\t\t\t\t<div class=\"wpbd-title-content\">\r\n\t\t\t<div class=\"wpbd-post-title\">\r\n\t\t\t\t<a href=\"https:\/\/www.davidstromberg.de\/en\/orchesterzentrum\/\">Orchesterzentrum Dortmund<\/a>\r\n\t\t\t<\/div>\r\n\t\t\t\t\t\t\t<div class=\"wpbd-post-other-content\">\r\n\t\t\t\t\t\t\t\t\t\t\t<span class=\"wpbd-post-author\"><i class=\"fa fa-user\" aria-hidden=\"true\"><\/i>David Stromberg<\/span>\r\n\t\t\t\t\t\t\t\t\t\t\/\t\t\t\t\t\t\t\t\t\t\t<span class=\"wpbd-post-date\"> <i class=\"fa fa-calendar\" aria-hidden=\"true\"><\/i>15. February 2022 <\/span>\r\n\t\t\t\t\t\t\t\t\t\t\t\t\t\t\t\t\t\t\t<\/div>\r\n\t\t\t<\/div>\r\n\t\t\t\t\t\t\t<div class=\"wpbd-post-content\">\r\n\t\t\t\t\t<div class=\"wpbd-sub-content\"><p>\r\n\t\t\t\t\tDavid Stromberg&nbsp;probt seit heute gemeinsam mit den Studierenden des&nbsp;Orchesterzentrum|NRW f\u00fcr das Lunchkonzert am Samstag um 13:00 Uhr.&nbsp;Seine&nbsp;Bearbeitungen von Werken von...<\/p>\r\n\t\t\t\t\t<\/div>\r\n\t\t\r\n\t\t\t\t\t\t\t\t\t\t\t\t\t\t\t\t\r\n\t\t\t\t\t\t<a href=\"https:\/\/www.davidstromberg.de\/en\/orchesterzentrum\/\" class=\"wpbd-btn\"><span>Read More<\/span><\/a>\r\n\t\t\t\t\t\t\t\t\t<\/div>\r\n\t\t\t\r\n\t\t<\/div>\r\n\t<\/div>\r\n<\/div><div class=\"wpbd-post-grid  wpbd-medium-4 wpbd-cell\">\t\t\r\n\t<div class=\"wpbd-grid-content\">\r\n\t\t\t\t<div class=\"wpbd-post-image-outter\">\r\n\t\t\t<a href=\"https:\/\/www.davidstromberg.de\/en\/musikhochschule-detmold-improvisation-von-kadenzen\/\">\r\n\t\t\t\t<img decoding=\"async\" src=\"https:\/\/www.davidstromberg.de\/wp-content\/uploads\/2022\/02\/50442191_10217676270152623_6708096178791120896_n-1-700x933.jpg\" alt=\"Musikhochschule Detmold: Improvisation von Kadenzen\" \/>\r\n\t\t\t<\/a>\r\n\t\t<\/div>\r\n\t\t\t\t<div class=\"wpbd-post-margin-content\">\r\n\t\t\t\t\t\t<div class=\"wpbd-post-categories\">\r\n\t\t\t\t<a href=\"https:\/\/www.davidstromberg.de\/en\/category\/allgemein\/\">Allgemein<\/a>\t\t\t<\/div>\r\n\t\t\t\t\t\t<div class=\"wpbd-title-content\">\r\n\t\t\t<div class=\"wpbd-post-title\">\r\n\t\t\t\t<a href=\"https:\/\/www.davidstromberg.de\/en\/musikhochschule-detmold-improvisation-von-kadenzen\/\">Musikhochschule Detmold: Improvisation von Kadenzen<\/a>\r\n\t\t\t<\/div>\r\n\t\t\t\t\t\t\t<div class=\"wpbd-post-other-content\">\r\n\t\t\t\t\t\t\t\t\t\t\t<span class=\"wpbd-post-author\"><i class=\"fa fa-user\" aria-hidden=\"true\"><\/i>David Stromberg<\/span>\r\n\t\t\t\t\t\t\t\t\t\t\/\t\t\t\t\t\t\t\t\t\t\t<span class=\"wpbd-post-date\"> <i class=\"fa fa-calendar\" aria-hidden=\"true\"><\/i>15. February 2022 <\/span>\r\n\t\t\t\t\t\t\t\t\t\t\t\t\t\t\t\t\t\t\t<\/div>\r\n\t\t\t<\/div>\r\n\t\t\t\t\t\t\t<div class=\"wpbd-post-content\">\r\n\t\t\t\t\t<div class=\"wpbd-sub-content\"><p>\r\n\t\t\t\t\tAuf dem Weg zu meinem Kurs \u201eImprovisation von Kadenzen im klassischen Solokonzert\u201c an der Musikhochschule Detmold. Ich freue mich darauf!<\/p>\r\n\t\t\t\t\t<\/div>\r\n\t\t\r\n\t\t\t\t\t\t\t\t\t\t\t\t\t\t\t\t\r\n\t\t\t\t\t\t<a href=\"https:\/\/www.davidstromberg.de\/en\/musikhochschule-detmold-improvisation-von-kadenzen\/\" class=\"wpbd-btn\"><span>Read More<\/span><\/a>\r\n\t\t\t\t\t\t\t\t\t<\/div>\r\n\t\t\t\r\n\t\t<\/div>\r\n\t<\/div>\r\n<\/div><div class=\"wpbd-post-grid  wpbd-medium-4 wpbd-cell wpbd-last\">\t\t\r\n\t<div class=\"wpbd-grid-content\">\r\n\t\t\t\t<div class=\"wpbd-post-image-outter\">\r\n\t\t\t<a href=\"https:\/\/www.davidstromberg.de\/en\/musikhochschule-nuernberg-how-to-improvise-cadenzas\/\">\r\n\t\t\t\t<img decoding=\"async\" src=\"https:\/\/www.davidstromberg.de\/wp-content\/uploads\/2022\/02\/78554047_10220509578823569_5280584993905573888_n-700x525.jpg\" alt=\"Musikhochschule N\u00fcrnberg: &#8222;How to improvise cadenzas&#8220;\" \/>\r\n\t\t\t<\/a>\r\n\t\t<\/div>\r\n\t\t\t\t<div class=\"wpbd-post-margin-content\">\r\n\t\t\t\t\t\t<div class=\"wpbd-post-categories\">\r\n\t\t\t\t<a href=\"https:\/\/www.davidstromberg.de\/en\/category\/allgemein\/\">Allgemein<\/a>\t\t\t<\/div>\r\n\t\t\t\t\t\t<div class=\"wpbd-title-content\">\r\n\t\t\t<div class=\"wpbd-post-title\">\r\n\t\t\t\t<a href=\"https:\/\/www.davidstromberg.de\/en\/musikhochschule-nuernberg-how-to-improvise-cadenzas\/\">Musikhochschule N\u00fcrnberg: &#8222;How to improvise cadenzas&#8220;<\/a>\r\n\t\t\t<\/div>\r\n\t\t\t\t\t\t\t<div class=\"wpbd-post-other-content\">\r\n\t\t\t\t\t\t\t\t\t\t\t<span class=\"wpbd-post-author\"><i class=\"fa fa-user\" aria-hidden=\"true\"><\/i>David Stromberg<\/span>\r\n\t\t\t\t\t\t\t\t\t\t\/\t\t\t\t\t\t\t\t\t\t\t<span class=\"wpbd-post-date\"> <i class=\"fa fa-calendar\" aria-hidden=\"true\"><\/i>15. February 2022 <\/span>\r\n\t\t\t\t\t\t\t\t\t\t\t\t\t\t\t\t\t\t\t<\/div>\r\n\t\t\t<\/div>\r\n\t\t\t\t\t\t\t<div class=\"wpbd-post-content\">\r\n\t\t\t\t\t<div class=\"wpbd-sub-content\"><p>\r\n\t\t\t\t\tHow do I improvise and compose a cadenza in a classical solo concerto? Workshop at Musikhochschule N\u00fcrnberg.<\/p>\r\n\t\t\t\t\t<\/div>\r\n\t\t\r\n\t\t\t\t\t\t\t\t\t\t\t\t\t\t\t\t\r\n\t\t\t\t\t\t<a href=\"https:\/\/www.davidstromberg.de\/en\/musikhochschule-nuernberg-how-to-improvise-cadenzas\/\" class=\"wpbd-btn\"><span>Read More<\/span><\/a>\r\n\t\t\t\t\t\t\t\t\t<\/div>\r\n\t\t\t\r\n\t\t<\/div>\r\n\t<\/div>\r\n<\/div><div class=\"wpbd-post-grid  wpbd-medium-4 wpbd-cell wpbd-first\">\t\t\r\n\t<div class=\"wpbd-grid-content\">\r\n\t\t\t\t<div class=\"wpbd-post-image-outter\">\r\n\t\t\t<a href=\"https:\/\/www.davidstromberg.de\/en\/transition-cd\/\">\r\n\t\t\t\t<img decoding=\"async\" src=\"https:\/\/www.davidstromberg.de\/wp-content\/uploads\/2022\/02\/60636747_10218753356479108_1569871664072622080_n-700x693.jpg\" alt=\"Transition CD\" \/>\r\n\t\t\t<\/a>\r\n\t\t<\/div>\r\n\t\t\t\t<div class=\"wpbd-post-margin-content\">\r\n\t\t\t\t\t\t<div class=\"wpbd-post-categories\">\r\n\t\t\t\t<a href=\"https:\/\/www.davidstromberg.de\/en\/category\/allgemein\/\">Allgemein<\/a>\t\t\t<\/div>\r\n\t\t\t\t\t\t<div class=\"wpbd-title-content\">\r\n\t\t\t<div class=\"wpbd-post-title\">\r\n\t\t\t\t<a href=\"https:\/\/www.davidstromberg.de\/en\/transition-cd\/\">Transition CD<\/a>\r\n\t\t\t<\/div>\r\n\t\t\t\t\t\t\t<div class=\"wpbd-post-other-content\">\r\n\t\t\t\t\t\t\t\t\t\t\t<span class=\"wpbd-post-author\"><i class=\"fa fa-user\" aria-hidden=\"true\"><\/i>David Stromberg<\/span>\r\n\t\t\t\t\t\t\t\t\t\t\/\t\t\t\t\t\t\t\t\t\t\t<span class=\"wpbd-post-date\"> <i class=\"fa fa-calendar\" aria-hidden=\"true\"><\/i>15. February 2022 <\/span>\r\n\t\t\t\t\t\t\t\t\t\t\t\t\t\t\t\t\t\t\t<\/div>\r\n\t\t\t<\/div>\r\n\t\t\t\t\t\t\t<div class=\"wpbd-post-content\">\r\n\t\t\t\t\t<div class=\"wpbd-sub-content\"><p>\r\n\t\t\t\t\tIn meinem \u201cTransition\u201d Projekt habe ich Cellokonzerte so arrangiert, dass sie in ganz neuem Gewand erscheinen und sich unerwartete, neue...<\/p>\r\n\t\t\t\t\t<\/div>\r\n\t\t\r\n\t\t\t\t\t\t\t\t\t\t\t\t\t\t\t\t\r\n\t\t\t\t\t\t<a href=\"https:\/\/www.davidstromberg.de\/en\/transition-cd\/\" class=\"wpbd-btn\"><span>Read More<\/span><\/a>\r\n\t\t\t\t\t\t\t\t\t<\/div>\r\n\t\t\t\r\n\t\t<\/div>\r\n\t<\/div>\r\n<\/div><div class=\"wpbd-post-grid  wpbd-medium-4 wpbd-cell\">\t\t\r\n\t<div class=\"wpbd-grid-content\">\r\n\t\t\t\t<div class=\"wpbd-post-image-outter\">\r\n\t\t\t<a href=\"https:\/\/www.davidstromberg.de\/en\/childrens-concert\/\">\r\n\t\t\t\t<img decoding=\"async\" src=\"https:\/\/www.davidstromberg.de\/wp-content\/uploads\/2022\/02\/273864656_10226685172569553_4804797875214347975_n-700x525.jpg\" alt=\"Childrens concert\" \/>\r\n\t\t\t<\/a>\r\n\t\t<\/div>\r\n\t\t\t\t<div class=\"wpbd-post-margin-content\">\r\n\t\t\t\t\t\t<div class=\"wpbd-post-categories\">\r\n\t\t\t\t<a href=\"https:\/\/www.davidstromberg.de\/en\/category\/allgemein\/\">Allgemein<\/a>\t\t\t<\/div>\r\n\t\t\t\t\t\t<div class=\"wpbd-title-content\">\r\n\t\t\t<div class=\"wpbd-post-title\">\r\n\t\t\t\t<a href=\"https:\/\/www.davidstromberg.de\/en\/childrens-concert\/\">Childrens concert<\/a>\r\n\t\t\t<\/div>\r\n\t\t\t\t\t\t\t<div class=\"wpbd-post-other-content\">\r\n\t\t\t\t\t\t\t\t\t\t\t<span class=\"wpbd-post-author\"><i class=\"fa fa-user\" aria-hidden=\"true\"><\/i>David Stromberg<\/span>\r\n\t\t\t\t\t\t\t\t\t\t\/\t\t\t\t\t\t\t\t\t\t\t<span class=\"wpbd-post-date\"> <i class=\"fa fa-calendar\" aria-hidden=\"true\"><\/i>15. February 2022 <\/span>\r\n\t\t\t\t\t\t\t\t\t\t\t\t\t\t\t\t\t\t\t<\/div>\r\n\t\t\t<\/div>\r\n\t\t\t\t\t\t\t<div class=\"wpbd-post-content\">\r\n\t\t\t\t\t<div class=\"wpbd-sub-content\"><p>\r\n\t\t\t\t\tIt makes me happy when music goes to the heart!Thank you Daniela Preusse for inviting me to the Hasenweg primary...<\/p>\r\n\t\t\t\t\t<\/div>\r\n\t\t\r\n\t\t\t\t\t\t\t\t\t\t\t\t\t\t\t\t\r\n\t\t\t\t\t\t<a href=\"https:\/\/www.davidstromberg.de\/en\/childrens-concert\/\" class=\"wpbd-btn\"><span>Read More<\/span><\/a>\r\n\t\t\t\t\t\t\t\t\t<\/div>\r\n\t\t\t\r\n\t\t<\/div>\r\n\t<\/div>\r\n<\/div><div class=\"wpbd-post-grid  wpbd-medium-4 wpbd-cell wpbd-last\">\t\t\r\n\t<div class=\"wpbd-grid-content\">\r\n\t\t\t\t<div class=\"wpbd-post-image-outter\">\r\n\t\t\t<a href=\"https:\/\/www.davidstromberg.de\/en\/we-made-it\/\">\r\n\t\t\t\t<img decoding=\"async\" src=\"https:\/\/www.davidstromberg.de\/wp-content\/uploads\/2022\/02\/271972315_10226533174209689_4128721140083762447_n-700x525.jpg\" alt=\"We made it!\" \/>\r\n\t\t\t<\/a>\r\n\t\t<\/div>\r\n\t\t\t\t<div class=\"wpbd-post-margin-content\">\r\n\t\t\t\t\t\t<div class=\"wpbd-post-categories\">\r\n\t\t\t\t<a href=\"https:\/\/www.davidstromberg.de\/en\/category\/allgemein\/\">Allgemein<\/a>\t\t\t<\/div>\r\n\t\t\t\t\t\t<div class=\"wpbd-title-content\">\r\n\t\t\t<div class=\"wpbd-post-title\">\r\n\t\t\t\t<a href=\"https:\/\/www.davidstromberg.de\/en\/we-made-it\/\">We made it!<\/a>\r\n\t\t\t<\/div>\r\n\t\t\t\t\t\t\t<div class=\"wpbd-post-other-content\">\r\n\t\t\t\t\t\t\t\t\t\t\t<span class=\"wpbd-post-author\"><i class=\"fa fa-user\" aria-hidden=\"true\"><\/i>David Stromberg<\/span>\r\n\t\t\t\t\t\t\t\t\t\t\/\t\t\t\t\t\t\t\t\t\t\t<span class=\"wpbd-post-date\"> <i class=\"fa fa-calendar\" aria-hidden=\"true\"><\/i>15. February 2022 <\/span>\r\n\t\t\t\t\t\t\t\t\t\t\t\t\t\t\t\t\t\t\t<\/div>\r\n\t\t\t<\/div>\r\n\t\t\t\t\t\t\t<div class=\"wpbd-post-content\">\r\n\t\t\t\t\t<div class=\"wpbd-sub-content\"><p>\r\n\t\t\t\t\tWe made it. Florian Uhlig and I recorded sonatas by Richard Strauss, Emanuel Mo\u00f3r and Ernst von Dohnanyi with the...<\/p>\r\n\t\t\t\t\t<\/div>\r\n\t\t\r\n\t\t\t\t\t\t\t\t\t\t\t\t\t\t\t\t\r\n\t\t\t\t\t\t<a href=\"https:\/\/www.davidstromberg.de\/en\/we-made-it\/\" class=\"wpbd-btn\"><span>Read More<\/span><\/a>\r\n\t\t\t\t\t\t\t\t\t<\/div>\r\n\t\t\t\r\n\t\t<\/div>\r\n\t<\/div>\r\n<\/div><div class=\"wpbd-post-grid  wpbd-medium-4 wpbd-cell wpbd-first\">\t\t\r\n\t<div class=\"wpbd-grid-content\">\r\n\t\t\t\t<div class=\"wpbd-post-image-outter\">\r\n\t\t\t<a href=\"https:\/\/www.davidstromberg.de\/en\/with-the-hamburger-blaeserquintett-in-viborg-denmark\/\">\r\n\t\t\t\t<img decoding=\"async\" src=\"https:\/\/www.davidstromberg.de\/wp-content\/uploads\/2022\/02\/261644196_10226291181800030_5517378345129737277_n-700x525.jpg\" alt=\"With the Hamburger Bl\u00e4serquintett in Viborg\/Denmark\" \/>\r\n\t\t\t<\/a>\r\n\t\t<\/div>\r\n\t\t\t\t<div class=\"wpbd-post-margin-content\">\r\n\t\t\t\t\t\t<div class=\"wpbd-post-categories\">\r\n\t\t\t\t<a href=\"https:\/\/www.davidstromberg.de\/en\/category\/allgemein\/\">Allgemein<\/a>\t\t\t<\/div>\r\n\t\t\t\t\t\t<div class=\"wpbd-title-content\">\r\n\t\t\t<div class=\"wpbd-post-title\">\r\n\t\t\t\t<a href=\"https:\/\/www.davidstromberg.de\/en\/with-the-hamburger-blaeserquintett-in-viborg-denmark\/\">With the Hamburger Bl\u00e4serquintett in Viborg\/Denmark<\/a>\r\n\t\t\t<\/div>\r\n\t\t\t\t\t\t\t<div class=\"wpbd-post-other-content\">\r\n\t\t\t\t\t\t\t\t\t\t\t<span class=\"wpbd-post-author\"><i class=\"fa fa-user\" aria-hidden=\"true\"><\/i>David Stromberg<\/span>\r\n\t\t\t\t\t\t\t\t\t\t\/\t\t\t\t\t\t\t\t\t\t\t<span class=\"wpbd-post-date\"> <i class=\"fa fa-calendar\" aria-hidden=\"true\"><\/i>15. February 2022 <\/span>\r\n\t\t\t\t\t\t\t\t\t\t\t\t\t\t\t\t\t\t\t<\/div>\r\n\t\t\t<\/div>\r\n\t\t\t\t\t\t\t<div class=\"wpbd-post-content\">\r\n\t\t\t\t\t<div class=\"wpbd-sub-content\"><p>\r\n\t\t\t\t\tYesterday\u2019s concert in Viborg, Denmark, with Tschaikowski\u2018s Rococo Variations in my arrangement for cello and woodwind quintet. Thank you to...<\/p>\r\n\t\t\t\t\t<\/div>\r\n\t\t\r\n\t\t\t\t\t\t\t\t\t\t\t\t\t\t\t\t\r\n\t\t\t\t\t\t<a href=\"https:\/\/www.davidstromberg.de\/en\/with-the-hamburger-blaeserquintett-in-viborg-denmark\/\" class=\"wpbd-btn\"><span>Read More<\/span><\/a>\r\n\t\t\t\t\t\t\t\t\t<\/div>\r\n\t\t\t\r\n\t\t<\/div>\r\n\t<\/div>\r\n<\/div><div class=\"wpbd-post-grid  wpbd-medium-4 wpbd-cell\">\t\t\r\n\t<div class=\"wpbd-grid-content\">\r\n\t\t\t\t<div class=\"wpbd-post-image-outter\">\r\n\t\t\t<a href=\"https:\/\/www.davidstromberg.de\/en\/cd-recording-with-the-duplex-and-my-cello\/\">\r\n\t\t\t\t<img decoding=\"async\" src=\"https:\/\/www.davidstromberg.de\/wp-content\/uploads\/2022\/02\/245234461_10226016551574446_3617565963169737121_n-1-700x467.jpg\" alt=\"CD recording with the Duplex and my cello\" \/>\r\n\t\t\t<\/a>\r\n\t\t<\/div>\r\n\t\t\t\t<div class=\"wpbd-post-margin-content\">\r\n\t\t\t\t\t\t<div class=\"wpbd-post-categories\">\r\n\t\t\t\t<a href=\"https:\/\/www.davidstromberg.de\/en\/category\/allgemein\/\">Allgemein<\/a>\t\t\t<\/div>\r\n\t\t\t\t\t\t<div class=\"wpbd-title-content\">\r\n\t\t\t<div class=\"wpbd-post-title\">\r\n\t\t\t\t<a href=\"https:\/\/www.davidstromberg.de\/en\/cd-recording-with-the-duplex-and-my-cello\/\">CD recording with the Duplex and my cello<\/a>\r\n\t\t\t<\/div>\r\n\t\t\t\t\t\t\t<div class=\"wpbd-post-other-content\">\r\n\t\t\t\t\t\t\t\t\t\t\t<span class=\"wpbd-post-author\"><i class=\"fa fa-user\" aria-hidden=\"true\"><\/i>David Stromberg<\/span>\r\n\t\t\t\t\t\t\t\t\t\t\/\t\t\t\t\t\t\t\t\t\t\t<span class=\"wpbd-post-date\"> <i class=\"fa fa-calendar\" aria-hidden=\"true\"><\/i>15. February 2022 <\/span>\r\n\t\t\t\t\t\t\t\t\t\t\t\t\t\t\t\t\t\t\t<\/div>\r\n\t\t\t<\/div>\r\n\t\t\t\t\t\t\t<div class=\"wpbd-post-content\">\r\n\t\t\t\t\t<div class=\"wpbd-sub-content\"><p>\r\n\t\t\t\t\tFlorian Uhlig and I made progress with our recording project with the Duplex Coupler Grand Piano and my cello. We...<\/p>\r\n\t\t\t\t\t<\/div>\r\n\t\t\r\n\t\t\t\t\t\t\t\t\t\t\t\t\t\t\t\t\r\n\t\t\t\t\t\t<a href=\"https:\/\/www.davidstromberg.de\/en\/cd-recording-with-the-duplex-and-my-cello\/\" class=\"wpbd-btn\"><span>Read More<\/span><\/a>\r\n\t\t\t\t\t\t\t\t\t<\/div>\r\n\t\t\t\r\n\t\t<\/div>\r\n\t<\/div>\r\n<\/div><div class=\"wpbd-post-grid  wpbd-medium-4 wpbd-cell wpbd-last\">\t\t\r\n\t<div class=\"wpbd-grid-content\">\r\n\t\t\t\t<div class=\"wpbd-post-image-outter\">\r\n\t\t\t<a href=\"https:\/\/www.davidstromberg.de\/en\/contemporary-cello\/\">\r\n\t\t\t\t<img decoding=\"async\" src=\"https:\/\/www.davidstromberg.de\/wp-content\/uploads\/2022\/02\/safe_image-700x365.jpg\" alt=\"Contemporary cello\" \/>\r\n\t\t\t<\/a>\r\n\t\t<\/div>\r\n\t\t\t\t<div class=\"wpbd-post-margin-content\">\r\n\t\t\t\t\t\t<div class=\"wpbd-post-categories\">\r\n\t\t\t\t<a href=\"https:\/\/www.davidstromberg.de\/en\/category\/allgemein\/\">Allgemein<\/a>\t\t\t<\/div>\r\n\t\t\t\t\t\t<div class=\"wpbd-title-content\">\r\n\t\t\t<div class=\"wpbd-post-title\">\r\n\t\t\t\t<a href=\"https:\/\/www.davidstromberg.de\/en\/contemporary-cello\/\">Contemporary cello<\/a>\r\n\t\t\t<\/div>\r\n\t\t\t\t\t\t\t<div class=\"wpbd-post-other-content\">\r\n\t\t\t\t\t\t\t\t\t\t\t<span class=\"wpbd-post-author\"><i class=\"fa fa-user\" aria-hidden=\"true\"><\/i>David Stromberg<\/span>\r\n\t\t\t\t\t\t\t\t\t\t\/\t\t\t\t\t\t\t\t\t\t\t<span class=\"wpbd-post-date\"> <i class=\"fa fa-calendar\" aria-hidden=\"true\"><\/i>15. February 2022 <\/span>\r\n\t\t\t\t\t\t\t\t\t\t\t\t\t\t\t\t\t\t\t<\/div>\r\n\t\t\t<\/div>\r\n\t\t\t\t\t\t\t<div class=\"wpbd-post-content\">\r\n\t\t\t\t\t<div class=\"wpbd-sub-content\"><p>\r\n\t\t\t\t\tContemporary cello. Part IOver the last six months I worked closely with three contemporary composers. I asked them to write...<\/p>\r\n\t\t\t\t\t<\/div>\r\n\t\t\r\n\t\t\t\t\t\t\t\t\t\t\t\t\t\t\t\t\r\n\t\t\t\t\t\t<a href=\"https:\/\/www.davidstromberg.de\/en\/contemporary-cello\/\" class=\"wpbd-btn\"><span>Read More<\/span><\/a>\r\n\t\t\t\t\t\t\t\t\t<\/div>\r\n\t\t\t\r\n\t\t<\/div>\r\n\t<\/div>\r\n<\/div><div class=\"wpbd-post-grid  wpbd-medium-4 wpbd-cell wpbd-first\">\t\t\r\n\t<div class=\"wpbd-grid-content\">\r\n\t\t\t\t<div class=\"wpbd-post-image-outter\">\r\n\t\t\t<a href=\"https:\/\/www.davidstromberg.de\/en\/i\/\">\r\n\t\t\t\t<img decoding=\"async\" src=\"https:\/\/www.davidstromberg.de\/wp-content\/uploads\/2022\/02\/239532604_10225737754244687_1436055556308756395_n-2-700x468.jpg\" alt=\"Improvisation of cadenzas at 2. International Violin Academy\" \/>\r\n\t\t\t<\/a>\r\n\t\t<\/div>\r\n\t\t\t\t<div class=\"wpbd-post-margin-content\">\r\n\t\t\t\t\t\t<div class=\"wpbd-post-categories\">\r\n\t\t\t\t<a href=\"https:\/\/www.davidstromberg.de\/en\/category\/allgemein\/\">Allgemein<\/a>\t\t\t<\/div>\r\n\t\t\t\t\t\t<div class=\"wpbd-title-content\">\r\n\t\t\t<div class=\"wpbd-post-title\">\r\n\t\t\t\t<a href=\"https:\/\/www.davidstromberg.de\/en\/i\/\">Improvisation of cadenzas at 2. International Violin Academy<\/a>\r\n\t\t\t<\/div>\r\n\t\t\t\t\t\t\t<div class=\"wpbd-post-other-content\">\r\n\t\t\t\t\t\t\t\t\t\t\t<span class=\"wpbd-post-author\"><i class=\"fa fa-user\" aria-hidden=\"true\"><\/i>David Stromberg<\/span>\r\n\t\t\t\t\t\t\t\t\t\t\/\t\t\t\t\t\t\t\t\t\t\t<span class=\"wpbd-post-date\"> <i class=\"fa fa-calendar\" aria-hidden=\"true\"><\/i>15. February 2022 <\/span>\r\n\t\t\t\t\t\t\t\t\t\t\t\t\t\t\t\t\t\t\t<\/div>\r\n\t\t\t<\/div>\r\n\t\t\t\t\t\t\t<div class=\"wpbd-post-content\">\r\n\t\t\t\t\t<div class=\"wpbd-sub-content\"><p>\r\n\t\t\t\t\tLast weekend I gave my course \"Improvisation Of Cadenzas In Classical Solo Concerts\" at the Bavarian Music Academy Hammelburg as...<\/p>\r\n\t\t\t\t\t<\/div>\r\n\t\t\r\n\t\t\t\t\t\t\t\t\t\t\t\t\t\t\t\t\r\n\t\t\t\t\t\t<a href=\"https:\/\/www.davidstromberg.de\/en\/i\/\" class=\"wpbd-btn\"><span>Read More<\/span><\/a>\r\n\t\t\t\t\t\t\t\t\t<\/div>\r\n\t\t\t\r\n\t\t<\/div>\r\n\t<\/div>\r\n<\/div><div class=\"wpbd-post-grid  wpbd-medium-4 wpbd-cell\">\t\t\r\n\t<div class=\"wpbd-grid-content\">\r\n\t\t\t\t<div class=\"wpbd-post-image-outter\">\r\n\t\t\t<a href=\"https:\/\/www.davidstromberg.de\/en\/cel\/\">\r\n\t\t\t\t<img decoding=\"async\" src=\"https:\/\/www.davidstromberg.de\/wp-content\/uploads\/2022\/02\/IMG_0649-700x933.jpeg\" alt=\"Contemporary music with the 5-string cello piccolo\" \/>\r\n\t\t\t<\/a>\r\n\t\t<\/div>\r\n\t\t\t\t<div class=\"wpbd-post-margin-content\">\r\n\t\t\t\t\t\t<div class=\"wpbd-post-categories\">\r\n\t\t\t\t<a href=\"https:\/\/www.davidstromberg.de\/en\/category\/allgemein\/\">Allgemein<\/a>\t\t\t<\/div>\r\n\t\t\t\t\t\t<div class=\"wpbd-title-content\">\r\n\t\t\t<div class=\"wpbd-post-title\">\r\n\t\t\t\t<a href=\"https:\/\/www.davidstromberg.de\/en\/cel\/\">Contemporary music with the 5-string cello piccolo<\/a>\r\n\t\t\t<\/div>\r\n\t\t\t\t\t\t\t<div class=\"wpbd-post-other-content\">\r\n\t\t\t\t\t\t\t\t\t\t\t<span class=\"wpbd-post-author\"><i class=\"fa fa-user\" aria-hidden=\"true\"><\/i>David Stromberg<\/span>\r\n\t\t\t\t\t\t\t\t\t\t\/\t\t\t\t\t\t\t\t\t\t\t<span class=\"wpbd-post-date\"> <i class=\"fa fa-calendar\" aria-hidden=\"true\"><\/i>15. February 2022 <\/span>\r\n\t\t\t\t\t\t\t\t\t\t\t\t\t\t\t\t\t\t\t<\/div>\r\n\t\t\t<\/div>\r\n\t\t\t\t\t\t\t<div class=\"wpbd-post-content\">\r\n\t\t\t\t\t<div class=\"wpbd-sub-content\"><p>\r\n\t\t\t\t\tIn an intensive collaboration over the last months Aigerim Seilova wrote the piece \"Qadam\". Here is an excerpt. Qadam in...<\/p>\r\n\t\t\t\t\t<\/div>\r\n\t\t\r\n\t\t\t\t\t\t\t\t\t\t\t\t\t\t\t\t\r\n\t\t\t\t\t\t<a href=\"https:\/\/www.davidstromberg.de\/en\/cel\/\" class=\"wpbd-btn\"><span>Read More<\/span><\/a>\r\n\t\t\t\t\t\t\t\t\t<\/div>\r\n\t\t\t\r\n\t\t<\/div>\r\n\t<\/div>\r\n<\/div><div class=\"wpbd-post-grid  wpbd-medium-4 wpbd-cell wpbd-last\">\t\t\r\n\t<div class=\"wpbd-grid-content\">\r\n\t\t\t\t<div class=\"wpbd-post-image-outter\">\r\n\t\t\t<a href=\"https:\/\/www.davidstromberg.de\/en\/r\/\">\r\n\t\t\t\t<img decoding=\"async\" src=\"https:\/\/www.davidstromberg.de\/wp-content\/uploads\/2022\/02\/120639256_10223528245888359_3828962357801698630_n-1-700x264.jpg\" alt=\"Rococo Variations in Aalborg\/Denmark\" \/>\r\n\t\t\t<\/a>\r\n\t\t<\/div>\r\n\t\t\t\t<div class=\"wpbd-post-margin-content\">\r\n\t\t\t\t\t\t<div class=\"wpbd-post-categories\">\r\n\t\t\t\t<a href=\"https:\/\/www.davidstromberg.de\/en\/category\/allgemein\/\">Allgemein<\/a>\t\t\t<\/div>\r\n\t\t\t\t\t\t<div class=\"wpbd-title-content\">\r\n\t\t\t<div class=\"wpbd-post-title\">\r\n\t\t\t\t<a href=\"https:\/\/www.davidstromberg.de\/en\/r\/\">Rococo Variations in Aalborg\/Denmark<\/a>\r\n\t\t\t<\/div>\r\n\t\t\t\t\t\t\t<div class=\"wpbd-post-other-content\">\r\n\t\t\t\t\t\t\t\t\t\t\t<span class=\"wpbd-post-author\"><i class=\"fa fa-user\" aria-hidden=\"true\"><\/i>David Stromberg<\/span>\r\n\t\t\t\t\t\t\t\t\t\t\/\t\t\t\t\t\t\t\t\t\t\t<span class=\"wpbd-post-date\"> <i class=\"fa fa-calendar\" aria-hidden=\"true\"><\/i>15. February 2022 <\/span>\r\n\t\t\t\t\t\t\t\t\t\t\t\t\t\t\t\t\t\t\t<\/div>\r\n\t\t\t<\/div>\r\n\t\t\t\t\t\t\t<div class=\"wpbd-post-content\">\r\n\t\t\t\t\t<div class=\"wpbd-sub-content\"><p>\r\n\t\t\t\t\tI'm really looking forward to playing tomorrow in Aalborg\/Denmark in this spectacular concert hall! Together with my colleagues from the...<\/p>\r\n\t\t\t\t\t<\/div>\r\n\t\t\r\n\t\t\t\t\t\t\t\t\t\t\t\t\t\t\t\t\r\n\t\t\t\t\t\t<a href=\"https:\/\/www.davidstromberg.de\/en\/r\/\" class=\"wpbd-btn\"><span>Read More<\/span><\/a>\r\n\t\t\t\t\t\t\t\t\t<\/div>\r\n\t\t\t\r\n\t\t<\/div>\r\n\t<\/div>\r\n<\/div><div class=\"wpbd-post-grid  wpbd-medium-4 wpbd-cell wpbd-first\">\t\t\r\n\t<div class=\"wpbd-grid-content\">\r\n\t\t\t\t<div class=\"wpbd-post-image-outter\">\r\n\t\t\t<a href=\"https:\/\/www.davidstromberg.de\/en\/cello-and-boys-choir\/\">\r\n\t\t\t\t<img decoding=\"async\" src=\"https:\/\/www.davidstromberg.de\/wp-content\/uploads\/2020\/03\/70978132_10219802766913713_4033427891030065152_n-700x525.jpg\" alt=\"Cello and boys choir\" \/>\r\n\t\t\t<\/a>\r\n\t\t<\/div>\r\n\t\t\t\t<div class=\"wpbd-post-margin-content\">\r\n\t\t\t\t\t\t<div class=\"wpbd-post-categories\">\r\n\t\t\t\t<a href=\"https:\/\/www.davidstromberg.de\/en\/category\/allgemein\/\">Allgemein<\/a>\t\t\t<\/div>\r\n\t\t\t\t\t\t<div class=\"wpbd-title-content\">\r\n\t\t\t<div class=\"wpbd-post-title\">\r\n\t\t\t\t<a href=\"https:\/\/www.davidstromberg.de\/en\/cello-and-boys-choir\/\">Cello and boys choir<\/a>\r\n\t\t\t<\/div>\r\n\t\t\t\t\t\t\t<div class=\"wpbd-post-other-content\">\r\n\t\t\t\t\t\t\t\t\t\t\t<span class=\"wpbd-post-author\"><i class=\"fa fa-user\" aria-hidden=\"true\"><\/i>David Stromberg<\/span>\r\n\t\t\t\t\t\t\t\t\t\t\/\t\t\t\t\t\t\t\t\t\t\t<span class=\"wpbd-post-date\"> <i class=\"fa fa-calendar\" aria-hidden=\"true\"><\/i>18. March 2020 <\/span>\r\n\t\t\t\t\t\t\t\t\t\t\t\t\t\t\t\t\t\t\t<\/div>\r\n\t\t\t<\/div>\r\n\t\t\t\t\t\t\t<div class=\"wpbd-post-content\">\r\n\t\t\t\t\t<div class=\"wpbd-sub-content\"><p>\r\n\t\t\t\t\tIt has been such a joy to perform the Stabat Mater of Knut Nystedt with these wonderful young musicians. Thank...<\/p>\r\n\t\t\t\t\t<\/div>\r\n\t\t\r\n\t\t\t\t\t\t\t\t\t\t\t\t\t\t\t\t\r\n\t\t\t\t\t\t<a href=\"https:\/\/www.davidstromberg.de\/en\/cello-and-boys-choir\/\" class=\"wpbd-btn\"><span>Read More<\/span><\/a>\r\n\t\t\t\t\t\t\t\t\t<\/div>\r\n\t\t\t\r\n\t\t<\/div>\r\n\t<\/div>\r\n<\/div><div class=\"wpbd-post-grid  wpbd-medium-4 wpbd-cell\">\t\t\r\n\t<div class=\"wpbd-grid-content\">\r\n\t\t\t\t<div class=\"wpbd-post-image-outter\">\r\n\t\t\t<a href=\"https:\/\/www.davidstromberg.de\/en\/beethoven-with-irina-zahharenkova\/\">\r\n\t\t\t\t<img decoding=\"async\" src=\"https:\/\/www.davidstromberg.de\/wp-content\/uploads\/2020\/03\/76760069_10220389247575363_9055663953471864832_n-700x700.jpg\" alt=\"Beethoven with Irina Zahharenkova\" \/>\r\n\t\t\t<\/a>\r\n\t\t<\/div>\r\n\t\t\t\t<div class=\"wpbd-post-margin-content\">\r\n\t\t\t\t\t\t<div class=\"wpbd-post-categories\">\r\n\t\t\t\t<a href=\"https:\/\/www.davidstromberg.de\/en\/category\/allgemein\/\">Allgemein<\/a>\t\t\t<\/div>\r\n\t\t\t\t\t\t<div class=\"wpbd-title-content\">\r\n\t\t\t<div class=\"wpbd-post-title\">\r\n\t\t\t\t<a href=\"https:\/\/www.davidstromberg.de\/en\/beethoven-with-irina-zahharenkova\/\">Beethoven with Irina Zahharenkova<\/a>\r\n\t\t\t<\/div>\r\n\t\t\t\t\t\t\t<div class=\"wpbd-post-other-content\">\r\n\t\t\t\t\t\t\t\t\t\t\t<span class=\"wpbd-post-author\"><i class=\"fa fa-user\" aria-hidden=\"true\"><\/i>David Stromberg<\/span>\r\n\t\t\t\t\t\t\t\t\t\t\/\t\t\t\t\t\t\t\t\t\t\t<span class=\"wpbd-post-date\"> <i class=\"fa fa-calendar\" aria-hidden=\"true\"><\/i>18. March 2020 <\/span>\r\n\t\t\t\t\t\t\t\t\t\t\t\t\t\t\t\t\t\t\t<\/div>\r\n\t\t\t<\/div>\r\n\t\t\t\t\t\t\t<div class=\"wpbd-post-content\">\r\n\t\t\t\t\t<div class=\"wpbd-sub-content\"><p>\r\n\t\t\t\t\tIt is a joy playing Beethoven Sonatas with Irina. She is an outstanding artist and fine chamber musician. We played...<\/p>\r\n\t\t\t\t\t<\/div>\r\n\t\t\r\n\t\t\t\t\t\t\t\t\t\t\t\t\t\t\t\t\r\n\t\t\t\t\t\t<a href=\"https:\/\/www.davidstromberg.de\/en\/beethoven-with-irina-zahharenkova\/\" class=\"wpbd-btn\"><span>Read More<\/span><\/a>\r\n\t\t\t\t\t\t\t\t\t<\/div>\r\n\t\t\t\r\n\t\t<\/div>\r\n\t<\/div>\r\n<\/div><div class=\"wpbd-post-grid  wpbd-medium-4 wpbd-cell wpbd-last\">\t\t\r\n\t<div class=\"wpbd-grid-content\">\r\n\t\t\t\t<div class=\"wpbd-post-image-outter\">\r\n\t\t\t<a href=\"https:\/\/www.davidstromberg.de\/en\/what-an-intense-journey\/\">\r\n\t\t\t\t<img decoding=\"async\" src=\"https:\/\/www.davidstromberg.de\/wp-content\/uploads\/2020\/03\/81995378_10220884601998914_1681320391752024064_o-700x463.jpg\" alt=\"What an intense journey\" \/>\r\n\t\t\t<\/a>\r\n\t\t<\/div>\r\n\t\t\t\t<div class=\"wpbd-post-margin-content\">\r\n\t\t\t\t\t\t<div class=\"wpbd-post-categories\">\r\n\t\t\t\t<a href=\"https:\/\/www.davidstromberg.de\/en\/category\/allgemein\/\">Allgemein<\/a>\t\t\t<\/div>\r\n\t\t\t\t\t\t<div class=\"wpbd-title-content\">\r\n\t\t\t<div class=\"wpbd-post-title\">\r\n\t\t\t\t<a href=\"https:\/\/www.davidstromberg.de\/en\/what-an-intense-journey\/\">What an intense journey<\/a>\r\n\t\t\t<\/div>\r\n\t\t\t\t\t\t\t<div class=\"wpbd-post-other-content\">\r\n\t\t\t\t\t\t\t\t\t\t\t<span class=\"wpbd-post-author\"><i class=\"fa fa-user\" aria-hidden=\"true\"><\/i>David Stromberg<\/span>\r\n\t\t\t\t\t\t\t\t\t\t\/\t\t\t\t\t\t\t\t\t\t\t<span class=\"wpbd-post-date\"> <i class=\"fa fa-calendar\" aria-hidden=\"true\"><\/i>18. March 2020 <\/span>\r\n\t\t\t\t\t\t\t\t\t\t\t\t\t\t\t\t\t\t\t<\/div>\r\n\t\t\t<\/div>\r\n\t\t\t\t\t\t\t<div class=\"wpbd-post-content\">\r\n\t\t\t\t\t<div class=\"wpbd-sub-content\"><p>\r\n\t\t\t\t\tWhat an intense journey! After a long time of preparation, I recorded the Bach solo suites 1-5 on the baroque...<\/p>\r\n\t\t\t\t\t<\/div>\r\n\t\t\r\n\t\t\t\t\t\t\t\t\t\t\t\t\t\t\t\t\r\n\t\t\t\t\t\t<a href=\"https:\/\/www.davidstromberg.de\/en\/what-an-intense-journey\/\" class=\"wpbd-btn\"><span>Read More<\/span><\/a>\r\n\t\t\t\t\t\t\t\t\t<\/div>\r\n\t\t\t\r\n\t\t<\/div>\r\n\t<\/div>\r\n<\/div><div class=\"wpbd-post-grid  wpbd-medium-4 wpbd-cell wpbd-first\">\t\t\r\n\t<div class=\"wpbd-grid-content\">\r\n\t\t\t\t<div class=\"wpbd-post-image-outter\">\r\n\t\t\t<a href=\"https:\/\/www.davidstromberg.de\/en\/beethoven-variations\/\">\r\n\t\t\t\t<img decoding=\"async\" src=\"https:\/\/www.davidstromberg.de\/wp-content\/uploads\/2020\/03\/84307654_10221058287300938_4824884050357387264_n.jpg\" alt=\"Beethoven Variations\" \/>\r\n\t\t\t<\/a>\r\n\t\t<\/div>\r\n\t\t\t\t<div class=\"wpbd-post-margin-content\">\r\n\t\t\t\t\t\t<div class=\"wpbd-post-categories\">\r\n\t\t\t\t<a href=\"https:\/\/www.davidstromberg.de\/en\/category\/allgemein\/\">Allgemein<\/a>\t\t\t<\/div>\r\n\t\t\t\t\t\t<div class=\"wpbd-title-content\">\r\n\t\t\t<div class=\"wpbd-post-title\">\r\n\t\t\t\t<a href=\"https:\/\/www.davidstromberg.de\/en\/beethoven-variations\/\">Beethoven Variations<\/a>\r\n\t\t\t<\/div>\r\n\t\t\t\t\t\t\t<div class=\"wpbd-post-other-content\">\r\n\t\t\t\t\t\t\t\t\t\t\t<span class=\"wpbd-post-author\"><i class=\"fa fa-user\" aria-hidden=\"true\"><\/i>David Stromberg<\/span>\r\n\t\t\t\t\t\t\t\t\t\t\/\t\t\t\t\t\t\t\t\t\t\t<span class=\"wpbd-post-date\"> <i class=\"fa fa-calendar\" aria-hidden=\"true\"><\/i>18. March 2020 <\/span>\r\n\t\t\t\t\t\t\t\t\t\t\t\t\t\t\t\t\t\t\t<\/div>\r\n\t\t\t<\/div>\r\n\t\t\t\t\t\t\t<div class=\"wpbd-post-content\">\r\n\t\t\t\t\t<div class=\"wpbd-sub-content\"><p>\r\n\t\t\t\t\tInspired concert in the Freie Akademie der K\u00fcnste Hamburg. Klaus Sticken, professor at Privatunversit\u00e4t Wien, Christian Seibold, Philharmoniker Hamburg and...<\/p>\r\n\t\t\t\t\t<\/div>\r\n\t\t\r\n\t\t\t\t\t\t\t\t\t\t\t\t\t\t\t\t\r\n\t\t\t\t\t\t<a href=\"https:\/\/www.davidstromberg.de\/en\/beethoven-variations\/\" class=\"wpbd-btn\"><span>Read More<\/span><\/a>\r\n\t\t\t\t\t\t\t\t\t<\/div>\r\n\t\t\t\r\n\t\t<\/div>\r\n\t<\/div>\r\n<\/div><div class=\"wpbd-post-grid  wpbd-medium-4 wpbd-cell\">\t\t\r\n\t<div class=\"wpbd-grid-content\">\r\n\t\t\t\t<div class=\"wpbd-post-image-outter\">\r\n\t\t\t<a href=\"https:\/\/www.davidstromberg.de\/en\/recording-of-bach-suites\/\">\r\n\t\t\t\t<img decoding=\"async\" src=\"https:\/\/www.davidstromberg.de\/wp-content\/uploads\/2020\/03\/82120908_10220884601118892_5480362614540206080_o-700x394.jpg\" alt=\"Recording of Bach Suites\" \/>\r\n\t\t\t<\/a>\r\n\t\t<\/div>\r\n\t\t\t\t<div class=\"wpbd-post-margin-content\">\r\n\t\t\t\t\t\t<div class=\"wpbd-post-categories\">\r\n\t\t\t\t<a href=\"https:\/\/www.davidstromberg.de\/en\/category\/allgemein\/\">Allgemein<\/a>\t\t\t<\/div>\r\n\t\t\t\t\t\t<div class=\"wpbd-title-content\">\r\n\t\t\t<div class=\"wpbd-post-title\">\r\n\t\t\t\t<a href=\"https:\/\/www.davidstromberg.de\/en\/recording-of-bach-suites\/\">Recording of Bach Suites<\/a>\r\n\t\t\t<\/div>\r\n\t\t\t\t\t\t\t<div class=\"wpbd-post-other-content\">\r\n\t\t\t\t\t\t\t\t\t\t\t<span class=\"wpbd-post-author\"><i class=\"fa fa-user\" aria-hidden=\"true\"><\/i>David Stromberg<\/span>\r\n\t\t\t\t\t\t\t\t\t\t\/\t\t\t\t\t\t\t\t\t\t\t<span class=\"wpbd-post-date\"> <i class=\"fa fa-calendar\" aria-hidden=\"true\"><\/i>18. March 2020 <\/span>\r\n\t\t\t\t\t\t\t\t\t\t\t\t\t\t\t\t\t\t\t<\/div>\r\n\t\t\t<\/div>\r\n\t\t\t\t\t\t\t<div class=\"wpbd-post-content\">\r\n\t\t\t\t\t<div class=\"wpbd-sub-content\"><p>\r\n\t\t\t\t\tAt the beginning of the year I recorded the Bach solo suites 1-5 on the baroque cello. Here I show...<\/p>\r\n\t\t\t\t\t<\/div>\r\n\t\t\r\n\t\t\t\t\t\t\t\t\t\t\t\t\t\t\t\t\r\n\t\t\t\t\t\t<a href=\"https:\/\/www.davidstromberg.de\/en\/recording-of-bach-suites\/\" class=\"wpbd-btn\"><span>Read More<\/span><\/a>\r\n\t\t\t\t\t\t\t\t\t<\/div>\r\n\t\t\t\r\n\t\t<\/div>\r\n\t<\/div>\r\n<\/div>\t\t<\/div>\n\t\t\t\t\t<div class=\"wpbd-pagination wpbd-clear-all\">\n\t\t\t\t<span aria-current=\"page\" class=\"page-numbers current\">1<\/span>\n<a class=\"page-numbers\" href=\"https:\/\/www.davidstromberg.de\/en\/wp-json\/wp\/v2\/pages\/669\/page\/2\/\">2<\/a>\n<a class=\"next page-numbers\" href=\"https:\/\/www.davidstromberg.de\/en\/wp-json\/wp\/v2\/pages\/669\/page\/2\/\">Next \u00bb<\/a>\t\t\t\t\n\t\t\t<\/div>","protected":false},"excerpt":{"rendered":"","protected":false},"author":1,"featured_media":0,"parent":0,"menu_order":0,"comment_status":"closed","ping_status":"closed","template":"","meta":{"h5ap_radio_sources":[],"footnotes":""},"class_list":["post-669","page","type-page","status-publish","hentry","entry","has-media"],"_links":{"self":[{"href":"https:\/\/www.davidstromberg.de\/en\/wp-json\/wp\/v2\/pages\/669","targetHints":{"allow":["GET"]}}],"collection":[{"href":"https:\/\/www.davidstromberg.de\/en\/wp-json\/wp\/v2\/pages"}],"about":[{"href":"https:\/\/www.davidstromberg.de\/en\/wp-json\/wp\/v2\/types\/page"}],"author":[{"embeddable":true,"href":"https:\/\/www.davidstromberg.de\/en\/wp-json\/wp\/v2\/users\/1"}],"replies":[{"embeddable":true,"href":"https:\/\/www.davidstromberg.de\/en\/wp-json\/wp\/v2\/comments?post=669"}],"version-history":[{"count":0,"href":"https:\/\/www.davidstromberg.de\/en\/wp-json\/wp\/v2\/pages\/669\/revisions"}],"wp:attachment":[{"href":"https:\/\/www.davidstromberg.de\/en\/wp-json\/wp\/v2\/media?parent=669"}],"curies":[{"name":"wp","href":"https:\/\/api.w.org\/{rel}","templated":true}]}}